{"id":22811,"date":"2021-12-15T09:06:18","date_gmt":"2021-12-15T09:06:18","guid":{"rendered":"https:\/\/dominguezventura.es\/equipo\/"},"modified":"2026-01-07T15:23:06","modified_gmt":"2026-01-07T15:23:06","slug":"equipo","status":"publish","type":"page","link":"https:\/\/dominguezventura.es\/ca\/equipo\/","title":{"rendered":"L&#8217;Equip"},"content":{"rendered":"<div class=\"wpb-content-wrapper\"><p>[vc_row row_type=&#8221;row&#8221; use_row_as_full_screen_section=&#8221;no&#8221; type=&#8221;grid&#8221; text_align=&#8221;left&#8221; background_animation=&#8221;none&#8221; padding_top=&#8221;85&#8243; padding_bottom=&#8221;50&#8243; css_animation=&#8221;&#8221; background_color=&#8221;#ffffff&#8221; css=&#8221;.vc_custom_1639564863534{padding-top: 30px !important;}&#8221;][vc_column][vc_column_text]<\/p>\n<p style=\"text-align: center;\">El nostre perfil com a processalistes i la seva experi\u00e8ncia davant de jutjats i tribunals de totes les jurisdiccions fa que la defensa judicial dels interessos dels nostres clients sigui un altre dels pilars de la nostra activitat professional.<\/p>\n<p style=\"text-align: center;\">.<\/p>\n<p>[\/vc_column_text][\/vc_column][\/vc_row][vc_row row_type=&#8221;row&#8221; use_row_as_full_screen_section=&#8221;no&#8221; type=&#8221;grid&#8221; text_align=&#8221;left&#8221; background_animation=&#8221;none&#8221; padding_top=&#8221;40&#8243; padding_bottom=&#8221;40&#8243; css_animation=&#8221;&#8221; background_color=&#8221;rgba(153,153,51,0.08)&#8221; css=&#8221;.vc_custom_1642415103364{padding-bottom: 0px !important;}&#8221;][vc_column width=&#8221;1\/2&#8243; css=&#8221;.vc_custom_1642412996658{padding-top: 40px !important;}&#8221;][vc_single_image image=&#8221;22730&#8243; img_size=&#8221;medium&#8221; alignment=&#8221;center&#8221; style=&#8221;vc_box_circle_2&#8243; css=&#8221;.vc_custom_1669981604863{padding-bottom: 10px !important;}&#8221; qode_css_animation=&#8221;&#8221;][vc_column_text css=&#8221;.vc_custom_1767788837683{padding-bottom: 10px !important;}&#8221;]<\/p>\n<h5 style=\"text-align: center;\"><span style=\"color: #8c934d;\">M\u00f3nica Riera Rosell\u00f3<\/span><\/h5>\n<p style=\"text-align: center;\"><strong><a href=\"mailto:m.riera@dvaa.es\">m.riera@dvaa.es<\/a><\/strong><\/p>\n<p style=\"text-align: center;\"><span class='q_social_icon_holder with_link circle_social' data-hover-background-color=#aeb75b data-hover-color=#393939><a href=\"https:\/\/www.linkedin.com\/in\/m%C3%B3nica-riera-rosell%C3%B3\/\" target=\"_blank\" rel=\"noopener\"><span class='fa-stack tiny circle_social' style='color: #ffffff;background-color: #8c934d;border: 1px solid #8c934d;'><span class='social_icon social_linkedin'><\/span><\/span><\/a><\/span><\/p>\n<p>[\/vc_column_text][vc_column_text css=&#8221;.vc_custom_1682675589585{padding-bottom: 10px !important;}&#8221;]Na M\u00f3nica Riera es va llicenciar en Dret a la Universitat de Barcelona l&#8217; any 1995.<\/p>\n<p>El 1996 va ingressar a l&#8217;Il\u00b7lustre Col\u00b7legi d&#8217;Advocats de les Illes Balears i posteriorment, l&#8217;any 1999, es va incorporar a l&#8217;Il\u00b7lustre Col\u00b7legi de l\u2019Advocacia de Barcelona, continuant la seva tasca professional al despatx d&#8217;AUREN Advocats fins a l&#8217;any 2001. El febrer de 2002 es va integrar al despatx IUS Estudio Jur\u00eddico, formant-se l&#8217; equip amb el qual continua des que van fundar, l&#8217; any 2008, la firma Dom\u00ednguez Ventura Abogados Asociados, actualment DVAA ABOGADAS i de la qual \u00e9s s\u00f2cia.[\/vc_column_text][vc_accordion active_tab=&#8221;false&#8221; collapsible=&#8221;yes&#8221; style=&#8221;accordion&#8221;][vc_accordion_tab title=&#8221;Llegir m\u00e9s&#8221; title_tag=&#8221;h6&#8243;][vc_column_text]Especialitzada en Dret Civil i en Dret Sanitari, i membre de la Secci\u00f3 de Dret Sanitari de l&#8217;Il\u00b7lustre Col\u00b7legi de l\u2019Advocacia de Barcelona, compta amb una \u00e0mplia experi\u00e8ncia davant els Tribunals de Just\u00edcia.<\/p>\n<p>&nbsp;<\/p>\n<p>Ha participat en nombroses jornades, cursos i congressos realitzats per Col\u00b7legis d&#8217;advocats, societats m\u00e8diques i altres entitats relacionats amb les \u00e0rees de la seva especialitzaci\u00f3, i tamb\u00e9 ha intervingut com a ponent en confer\u00e8ncies relacionades amb la legislaci\u00f3 sanit\u00e0ria adre\u00e7ades a professionals d&#8217;Hospitals p\u00fablics i privats, aix\u00ed com sobre aspectes processals per a professionals del dret. Igualment, ha col\u00b7laborat en la redacci\u00f3 i revisi\u00f3 de protocols hospitalaris, i tamb\u00e9 en els aspectes que afecten pacients menors d&#8217;edat.<\/p>\n<p>&nbsp;<\/p>\n<p>Tot aix\u00f2 aporta una \u00e0mplia visi\u00f3 dels assumptes que li s\u00f3n confiats i permet un assessorament integral als seus clients, en el qual considera summament important la confian\u00e7a, l&#8217; honestedat i l&#8217; especial sensibilitat que sens dubte requereix la seva dedicaci\u00f3 al Dret en el sector sanitari i social. L&#8217; estudi minuci\u00f3s dels assumptes i el sentit com\u00fa, juntament amb l&#8217; accessibilitat i empatia formen part de la seva manera d&#8217; entendre l&#8217; exercici de la seva professi\u00f3.[\/vc_column_text][\/vc_accordion_tab][\/vc_accordion][\/vc_column][vc_column width=&#8221;1\/2&#8243; css=&#8221;.vc_custom_1642412941874{padding-top: 40px !important;}&#8221;][vc_single_image image=&#8221;22622&#8243; img_size=&#8221;medium&#8221; alignment=&#8221;center&#8221; style=&#8221;vc_box_circle_2&#8243; css=&#8221;.vc_custom_1639565036065{padding-bottom: 10px !important;}&#8221; qode_css_animation=&#8221;&#8221;][vc_column_text css=&#8221;.vc_custom_1767788828219{padding-bottom: 10px !important;}&#8221;]<\/p>\n<h5 style=\"text-align: center;\"><span style=\"color: #8c934d;\">Mireia Aznar Mart\u00edn<\/span><\/h5>\n<p style=\"text-align: center;\"><strong><a href=\"mailto:m.aznar@dvaa.es\">m.aznar@dvaa.es<\/a><\/strong><\/p>\n<p style=\"text-align: center;\"><span class='q_social_icon_holder with_link circle_social' data-hover-background-color=#aeb75b data-hover-color=#393939><a href=\"https:\/\/www.linkedin.com\/in\/mireia-aznar\/\" target=\"_blank\" rel=\"noopener\"><span class='fa-stack tiny circle_social' style='color: #ffffff;background-color: #8c934d;border: 1px solid #8c934d;'><span class='social_icon social_linkedin'><\/span><\/span><\/a><\/span><\/p>\n<p>[\/vc_column_text][vc_column_text css=&#8221;.vc_custom_1680181838066{padding-bottom: 10px !important;}&#8221;]Na Mireia Aznar es va llicenciar en Dret a la Universitat Pompeu Fabra l&#8217;any 2000 . Despr\u00e9s d&#8217;acabar la carrera va entrar a treballar a Ius Estudio Jur\u00eddico on es va formar i especialitzar en Responsabilitat Civil i Dret Sanitari, formant-se l&#8217;equip amb el qual continua el seu cam\u00ed\u00a0 des que van fundar, l&#8217;any 2008, la firma Dom\u00ednguez Ventura Abogados Asociados, actualment DVAA ABOGADAS i de la qual \u00e9s s\u00f2cia.[\/vc_column_text][vc_accordion active_tab=&#8221;false&#8221; collapsible=&#8221;yes&#8221; style=&#8221;accordion&#8221;][vc_accordion_tab title=&#8221;Llegir m\u00e9s&#8221; title_tag=&#8221;h6&#8243;][vc_column_text]Ja des dels seus inicis en la professi\u00f3, es va sentir atreta tan pel camp de la responsabilitat civil i el Dret Sanitari, com per l&#8217; exercici de l&#8217; advocacia en els Tribunals, motiu pel qual es va formar espec\u00edficament en Dret Processal i Responsabilitat Civil i Assegurances. En el seu afany per aprendre dia a dia i per poder donar als seus clients, professionals de la salut, M\u00fatues, Cl\u00ednica i Hospitals, aix\u00ed com Asseguradores, un millor assessorament, i base argumentativa per als dilemes tant legals com \u00e8tics que presenten les professions sanit\u00e0ries, va cursar el M\u00e0ster de Bio\u00e8tica i Dret de la Universitat de Barcelona. Ha cursat tamb\u00e9 curs d&#8217;angl\u00e8s jur\u00eddic de l&#8217;ICAB en Nivell Advance i segueix formant-se i actualitzant-se cont\u00ednuament en les mat\u00e8ries de la seva especialitat .<\/p>\n<p>&nbsp;<\/p>\n<p>El seu comprom\u00eds amb el Dret Sanitari l&#8217;ha portat a formar part de diferents associacions en aquest \u00e0mbit i de la Secci\u00f3 de Dret Sanitari de l&#8217;Il\u00b7lustre Col\u00b7legi de l&#8217;Advocacia de Barcelona, Secci\u00f3 de la qual tamb\u00e9 ha estat membre de la seva Junta.<\/p>\n<p>&nbsp;<\/p>\n<p>La Mireia \u00e9s una apassionada del Dret i del comportament hum\u00e0. Aix\u00ed que connecta i gaudeix amb la part Human\u00edstica de la Medicina, la Biologia i altres disciplines de l&#8217; \u00e0mbit de la Sanitat. \u00c9s exigent i perfeccionista i per a la Mireia cada nova petici\u00f3 d&#8217;assessorament \u00e9s un repte que assumeix amb responsabilitat.<\/p>\n<p>&nbsp;<\/p>\n<p>La confian\u00e7a i comunicaci\u00f3 honesta amb els seus clients \u00e9s la seva forma natural de treballar i la base de la seva relaci\u00f3 amb ells.[\/vc_column_text][\/vc_accordion_tab][\/vc_accordion][\/vc_column][\/vc_row][vc_row row_type=&#8221;row&#8221; use_row_as_full_screen_section=&#8221;no&#8221; type=&#8221;grid&#8221; text_align=&#8221;left&#8221; background_animation=&#8221;none&#8221; padding_top=&#8221;40&#8243; padding_bottom=&#8221;40&#8243; css_animation=&#8221;&#8221; background_color=&#8221;rgba(153,153,51,0.08)&#8221; css=&#8221;.vc_custom_1665650468334{padding-top: 0px !important;}&#8221;][vc_column width=&#8221;1\/2&#8243; css=&#8221;.vc_custom_1665650461551{padding-top: 40px !important;}&#8221;][vc_single_image image=&#8221;22618&#8243; img_size=&#8221;medium&#8221; alignment=&#8221;center&#8221; style=&#8221;vc_box_circle_2&#8243; css=&#8221;.vc_custom_1642154600099{padding-bottom: 10px !important;}&#8221; qode_css_animation=&#8221;&#8221;][vc_column_text css=&#8221;.vc_custom_1767788851122{padding-bottom: 10px !important;}&#8221;]<\/p>\n<h5 style=\"text-align: center;\"><span style=\"color: #8c934d;\">Tanit Arroyo Pascual<\/span><\/h5>\n<p style=\"text-align: center;\"><strong><a href=\"mailto:t.arroyo@dvaa.es\">t.arroyo@dvaa.es<\/a><\/strong><\/p>\n<p style=\"text-align: center;\"><span class='q_social_icon_holder with_link circle_social' data-hover-background-color=#aeb75b data-hover-color=#393939><a href=\"https:\/\/www.linkedin.com\/in\/tanit-arroyo\/\" target=\"_blank\" rel=\"noopener\"><span class='fa-stack tiny circle_social' style='color: #ffffff;background-color: #8c934d;border: 1px solid #8c934d;'><span class='social_icon social_linkedin'><\/span><\/span><\/a><\/span><\/p>\n<p>[\/vc_column_text][vc_column_text css=&#8221;.vc_custom_1680181959029{padding-bottom: 10px !important;}&#8221;]Na Tanit Arroyo es va llicenciar en Dret a la Universitat Aut\u00f2noma de Barcelona l&#8217;any 2001. Durant la carrera va compaginar els seus estudis amb pr\u00e0ctiques al despatx de Procuradors Opisso, posteriorment poc abans de llicenciar-se va iniciar la seva etapa professional a Ius Estudio Jur\u00eddico, despatx en el qual es va formar i especialitzar en Responsabilitat Civil i Dret Sanitari formant-se l&#8217;equip amb el qual continua el seu cam\u00ed\u00a0 des que van fundar, l&#8217;any 2008,la firma Dom\u00ednguez Ventura Abogados Asociados, actualment DVAA ABOGADAS i de la qual \u00e9s s\u00f2cia.[\/vc_column_text][vc_accordion active_tab=&#8221;false&#8221; collapsible=&#8221;yes&#8221; style=&#8221;accordion&#8221;][vc_accordion_tab title=&#8221;Llegir m\u00e9s&#8221; title_tag=&#8221;h6&#8243;][vc_column_text]Durant els seus estudis ja va despertar el seu inter\u00e8s pel Dret d&#8217;Assegurances, la Responsabilitat Civil i el Dret Sanitari, cursant en aquest sentit diferents assignatures de car\u00e0cter optatiu.<\/p>\n<p>&nbsp;<\/p>\n<p>Posteriorment, sentint-se atreta tamb\u00e9 pel Dret penal, va realitzar un Curs d&#8217; especialitzaci\u00f3 en la jurisdicci\u00f3 de menors. Part de la seva tasca professional la destina tamb\u00e9 a la formaci\u00f3 de professionals sanitaris en aspectes m\u00e8dics, activitat que resulta tot un repte en l&#8217; actualitzaci\u00f3 constant de coneixements.<\/p>\n<p>&nbsp;<\/p>\n<p>Des dels seus inicis, quan realitzava pr\u00e0ctiques al despatx de procuradors, ja va sentir un especial inter\u00e8s per l&#8217;exercici de l&#8217;advocacia davant els Tribunals de Just\u00edcia.<\/p>\n<p>&nbsp;<\/p>\n<p>Actualment \u00e9s membre de la Secci\u00f3 de Dret Sanitari de l&#8217;Il\u00b7lustre Col\u00b7legi de l&#8217;Advocacia de Barcelona.<\/p>\n<p>&nbsp;<\/p>\n<p>La Tanit en l&#8217;afany de poder oferir tranquil\u00b7litat als seus clients, intenta dia a dia transmetre serenitat i empatia, perqu\u00e8 aquells que hi acudeixen amb una consulta legal que els genera inquietud la visquin amb una menor preocupaci\u00f3.<\/p>\n<p>&nbsp;<\/p>\n<p>La proximitat, calidesa i tracte hum\u00e0 en l&#8217; assessorament legal que presta als seus clients \u00e9s un dels pilars en qu\u00e8 basa l&#8217; exercici de la seva professi\u00f3.[\/vc_column_text][\/vc_accordion_tab][\/vc_accordion][\/vc_column][vc_column width=&#8221;1\/2&#8243; css=&#8221;.vc_custom_1767788685859{padding-top: 40px !important;}&#8221;][vc_single_image image=&#8221;23299&#8243; img_size=&#8221;medium&#8221; alignment=&#8221;center&#8221; style=&#8221;vc_box_circle_2&#8243; css=&#8221;.vc_custom_1767788699540{padding-bottom: 10px !important;}&#8221; qode_css_animation=&#8221;&#8221;][vc_column_text css=&#8221;.vc_custom_1767799377294{padding-bottom: 10px !important;}&#8221;]<\/p>\n<h5 style=\"text-align: center;\"><span style=\"color: #8c934d;\">Fl\u00e0via Cabr\u00e9 Rom\u00e1n<\/span><\/h5>\n<p style=\"text-align: center;\"><a href=\"mailto:f.cabre@dvaa.es\"><strong>f.cabre@dvaa.es<\/strong><\/a><\/p>\n<p style=\"text-align: center;\"><span class='q_social_icon_holder with_link circle_social' data-hover-background-color=#aeb75b data-hover-color=#393939><a href=\"https:\/\/www.linkedin.com\/in\/fl%C3%A0via-cabr%C3%A9-rom%C3%A1n\/\" target=\"_blank\" rel=\"noopener\"><span class='fa-stack tiny circle_social' style='color: #ffffff;background-color: #8c934d;border: 1px solid #8c934d;'><span class='social_icon social_linkedin'><\/span><\/span><\/a><\/span><\/p>\n<p>[\/vc_column_text][vc_column_text css=&#8221;.vc_custom_1767788773338{padding-bottom: 10px !important;}&#8221;]Na Fl\u00e0via Cabr\u00e9 Rom\u00e1n es va graduar en Dret a la Universitat Pompeu Fabra l&#8217;any 2022, on aviat va mostrar inter\u00e8s en les optatives de Dret M\u00e8dic i de la Salut. Al llarg del Grau, la Fl\u00e0via va tenir la possibilitat de formar-se en despatxos dedicats al Dret P\u00fablic, i tamb\u00e9 especialitzats en l&#8217;\u00e0mbit sanitari i sociosanitari.[\/vc_column_text][vc_accordion active_tab=&#8221;false&#8221; collapsible=&#8221;yes&#8221; style=&#8221;accordion&#8221;][vc_accordion_tab title=&#8221;Llegir m\u00e9s&#8221; title_tag=&#8221;h6&#8243;][vc_column_text css=&#8221;&#8221;]El 2024 va finalitzar el M\u00e0ster d&#8217;Acc\u00e9s a l&#8217;Advocacia, havent realitzat les pr\u00e0ctiques curriculars a l&#8217;Assessoria Jur\u00eddica de l&#8217;Hospital Cl\u00ednic de Barcelona.<\/p>\n<p>Amb posterioritat, centrant-se en el sector social, va ser T\u00e8cnica Superior Jur\u00eddica al Departament de Drets Socials de la Generalitat de Catalunya.<\/p>\n<p>Volent aprendre m\u00e9s sobre la bio\u00e8tica, des del 2023 al 2025 va cursar el M\u00e0ster de Dret i Bio\u00e8tica de la Universitat de Barcelona, de l&#8217;Observatori de Bio\u00e8tica i Dret.<\/p>\n<p>Actualment \u00e9s col\u00b7legiada de l\u2019Il\u00b7lustre Col\u00b7legi de l\u2019Advocacia de Barcelona.<\/p>\n<p>Des de Gener de 2025 forma part de \u00a0l&#8217;equip de DVAA com a advocada. Des de la seva posici\u00f3 ofereix assessorament jur\u00eddic i suport legal com tamb\u00e9 s\u2019encarrega de la defensa dels drets dels clients al Tribunals.<\/p>\n<p>&nbsp;<\/p>\n<p>A m\u00e9s \u00a0forma part de Comit\u00e8s d&#8217;\u00c8tica Assistencial com a assessora legal i \u00e9s membre de la Secci\u00f3 \u00a0de Dret Sanitari i de la Comissi\u00f3 de Responsabilitat Civil i Assegurances de l\u2019ICAB.<\/p>\n<p>L\u2019objectiu de la Fl\u00e0via \u00e9s transformar el coneixement jur\u00eddic i bio\u00e8tic en una eina \u00fatil per a les persones. Vol contribuir a que es respectin els drets dels pacients, dels professionals sanitaris i dels centres de salut, i que les decisions cl\u00edniques i organitzatives es prenguin des d&#8217; una base legal s\u00f2lida i \u00e8tica.<\/p>\n<p>El seu enfocament combina la precisi\u00f3 jur\u00eddica i la passi\u00f3 per l&#8217; aprenentatge constant, amb la confian\u00e7a, empatia i el tracte proper i personalitzat per a cada client.[\/vc_column_text][\/vc_accordion_tab][\/vc_accordion][\/vc_column][\/vc_row][vc_row row_type=&#8221;row&#8221; use_row_as_full_screen_section=&#8221;no&#8221; type=&#8221;grid&#8221; text_align=&#8221;left&#8221; background_animation=&#8221;none&#8221; padding_top=&#8221;40&#8243; padding_bottom=&#8221;40&#8243; css_animation=&#8221;&#8221; background_color=&#8221;rgba(153,153,51,0.08)&#8221; css=&#8221;.vc_custom_1665650468334{padding-top: 0px !important;}&#8221;][vc_column width=&#8221;1\/2&#8243; css=&#8221;.vc_custom_1665650461551{padding-top: 40px !important;}&#8221;][vc_single_image image=&#8221;22624&#8243; img_size=&#8221;medium&#8221; alignment=&#8221;center&#8221; style=&#8221;vc_box_circle_2&#8243; css=&#8221;.vc_custom_1669045211572{padding-bottom: 10px !important;}&#8221; qode_css_animation=&#8221;&#8221;][vc_column_text css=&#8221;.vc_custom_1767788877363{padding-bottom: 10px !important;}&#8221;]<\/p>\n<h5 style=\"text-align: center;\"><span style=\"color: #8c934d;\">Mari Carmen Mu\u00f1oz Bejarano<\/span><\/h5>\n<p style=\"text-align: center;\"><strong><a href=\"mailto: administracion@dvaa.es\">administracion@dvaa.es<\/a><\/strong><\/p>\n<p>[\/vc_column_text][vc_column_text css=&#8221;.vc_custom_1680182109855{padding-bottom: 10px !important;}&#8221;]<\/p>\n<p class=\"p1\" style=\"text-align: center;\">Departament d&#8217;Administraci\u00f3<\/p>\n<p>[\/vc_column_text][\/vc_column][\/vc_row][vc_row row_type=&#8221;parallax&#8221; text_align=&#8221;left&#8221; background_image=&#8221;22338&#8243; full_screen_section_height=&#8221;no&#8221;][vc_column css=&#8221;.vc_custom_1669046842697{padding-bottom: 0px !important;}&#8221;][vc_row_inner row_type=&#8221;row&#8221; type=&#8221;grid&#8221; use_row_as_full_screen_section_slide=&#8221;no&#8221; text_align=&#8221;left&#8221; padding_top=&#8221;50&#8243; padding_bottom=&#8221;50&#8243; css_animation=&#8221;&#8221; css=&#8221;.vc_custom_1669046000112{margin-bottom: 0px !important;padding-bottom: 0px !important;}&#8221;][vc_column_inner css=&#8221;.vc_custom_1669046833598{padding-bottom: 0px !important;}&#8221;]<span class=\"q_font_elegant_holder q_icon_shortcode normal  \" style=\"font-size: 50px;color: #a7a6a6; \"><a href=\"#\" target=\"_self\"><span class=\"q_font_elegant_icon icon_quotations\" aria-hidden=\"true\" style=\"font-size: 50px;width: 50px;height: 50px;\"><\/span><\/a><\/span>[vc_separator type=&#8221;transparent&#8221; border_style=&#8221;&#8221; up=&#8221;55&#8243; down=&#8221;0&#8243;][\/vc_column_inner][\/vc_row_inner]<div class=\"testimonials_holder clearfix  \"><div class=\"testimonials testimonials_carousel\" data-show-navigation=\"no\" data-show-navigation-arrows=\"no\" data-animation-type=\"fade\" data-animation-speed=\"\" data-auto-rotate-slides=\"3\"><ul class=\"slides\"><li id=\"testimonials22831\" class=\"testimonial_content\"><div class=\"testimonial_content_inner\"><div class=\"testimonial_text_holder left_align\"><div class=\"testimonial_text_inner\"><p style='color:#ffffff;'>Les nostres \u00e0rees d'especialitat s\u00f2n el dret sanitari, el dret civil, el dret penal i el dret administratiu<\/p><p class=\"testimonial_author\" style=\"\">- <\/p><\/div><\/div><\/div><\/li><\/ul><\/div><\/div>[vc_single_image image=&#8221;22706&#8243; img_size=&#8221;102&#215;47&#8243; css=&#8221;.vc_custom_1669047013705{margin-top: 0px !important;border-top-width: 0px !important;padding-top: 0px !important;padding-bottom: 30px !important;}&#8221; qode_css_animation=&#8221;&#8221;][\/vc_column][\/vc_row]<\/p>\n<\/div>","protected":false},"excerpt":{"rendered":"<p>[vc_row row_type=&#8221;row&#8221; use_row_as_full_screen_section=&#8221;no&#8221; type=&#8221;grid&#8221; text_align=&#8221;left&#8221; background_animation=&#8221;none&#8221; padding_top=&#8221;85&#8243; padding_bottom=&#8221;50&#8243; css_animation=&#8221;&#8221; background_color=&#8221;#ffffff&#8221; css=&#8221;.vc_custom_1639564863534{padding-top: 30px !important;}&#8221;][vc_column][vc_column_text] El nostre perfil com a processalistes i la seva experi\u00e8ncia davant de jutjats i tribunals de totes les jurisdiccions fa que la defensa judicial dels interessos dels nostres clients sigui un altre&#8230;<\/p>\n","protected":false},"author":1,"featured_media":0,"parent":0,"menu_order":0,"comment_status":"closed","ping_status":"closed","template":"full_width.php","meta":{"footnotes":""},"class_list":["post-22811","page","type-page","status-publish","hentry"],"_links":{"self":[{"href":"https:\/\/dominguezventura.es\/ca\/wp-json\/wp\/v2\/pages\/22811","targetHints":{"allow":["GET"]}}],"collection":[{"href":"https:\/\/dominguezventura.es\/ca\/wp-json\/wp\/v2\/pages"}],"about":[{"href":"https:\/\/dominguezventura.es\/ca\/wp-json\/wp\/v2\/types\/page"}],"author":[{"embeddable":true,"href":"https:\/\/dominguezventura.es\/ca\/wp-json\/wp\/v2\/users\/1"}],"replies":[{"embeddable":true,"href":"https:\/\/dominguezventura.es\/ca\/wp-json\/wp\/v2\/comments?post=22811"}],"version-history":[{"count":11,"href":"https:\/\/dominguezventura.es\/ca\/wp-json\/wp\/v2\/pages\/22811\/revisions"}],"predecessor-version":[{"id":23318,"href":"https:\/\/dominguezventura.es\/ca\/wp-json\/wp\/v2\/pages\/22811\/revisions\/23318"}],"wp:attachment":[{"href":"https:\/\/dominguezventura.es\/ca\/wp-json\/wp\/v2\/media?parent=22811"}],"curies":[{"name":"wp","href":"https:\/\/api.w.org\/{rel}","templated":true}]}}